{"id":662,"date":"2019-09-09T22:15:49","date_gmt":"2019-09-09T20:15:49","guid":{"rendered":"http:\/\/eclipses.fr\/?page_id=662"},"modified":"2024-03-01T15:36:00","modified_gmt":"2024-03-01T14:36:00","slug":"le-chef","status":"publish","type":"page","link":"https:\/\/eclipses.fr\/index.php\/le-chef\/","title":{"rendered":"Le Chef"},"content":{"rendered":"<p>[et_pb_section fb_built=\u00a0\u00bb1&Prime; _builder_version=\u00a0\u00bb4.24.0&Prime; _module_preset=\u00a0\u00bbdefault\u00a0\u00bb background_image=\u00a0\u00bbhttps:\/\/eclipses.fr\/wp-content\/uploads\/2024\/01\/Capture-decran-2024-01-26-a-19.58.32.png\u00a0\u00bb da_disable_devices=\u00a0\u00bboff|off|off\u00a0\u00bb global_colors_info=\u00a0\u00bb{}\u00a0\u00bb da_is_popup=\u00a0\u00bboff\u00a0\u00bb da_exit_intent=\u00a0\u00bboff\u00a0\u00bb da_has_close=\u00a0\u00bbon\u00a0\u00bb da_alt_close=\u00a0\u00bboff\u00a0\u00bb da_dark_close=\u00a0\u00bboff\u00a0\u00bb da_not_modal=\u00a0\u00bbon\u00a0\u00bb da_is_singular=\u00a0\u00bboff\u00a0\u00bb da_with_loader=\u00a0\u00bboff\u00a0\u00bb da_has_shadow=\u00a0\u00bbon\u00a0\u00bb][et_pb_row column_structure=\u00a0\u00bb2_5,3_5&Prime; use_custom_gutter=\u00a0\u00bbon\u00a0\u00bb gutter_width=\u00a0\u00bb2&Prime; make_equal=\u00a0\u00bbon\u00a0\u00bb _builder_version=\u00a0\u00bb4.24.0&Prime; _module_preset=\u00a0\u00bbdefault\u00a0\u00bb width=\u00a0\u00bb100%\u00a0\u00bb min_height=\u00a0\u00bb938px\u00a0\u00bb custom_margin=\u00a0\u00bb0px|auto|-69px|auto||\u00a0\u00bb custom_padding=\u00a0\u00bb0px|||||\u00a0\u00bb hover_enabled=\u00a0\u00bb0&Prime; global_colors_info=\u00a0\u00bb{}\u00a0\u00bb sticky_enabled=\u00a0\u00bb0&Prime;][et_pb_column type=\u00a0\u00bb2_5&Prime; _builder_version=\u00a0\u00bb4.24.0&Prime; _module_preset=\u00a0\u00bbdefault\u00a0\u00bb hover_enabled=\u00a0\u00bb0&Prime; global_colors_info=\u00a0\u00bb{}\u00a0\u00bb sticky_enabled=\u00a0\u00bb0&Prime;][et_pb_image src=\u00a0\u00bbhttps:\/\/eclipses.fr\/wp-content\/uploads\/2024\/01\/chefcyrilchoisnepng.png\u00a0\u00bb _builder_version=\u00a0\u00bb4.24.0&Prime; _module_preset=\u00a0\u00bbdefault\u00a0\u00bb title_text=\u00a0\u00bbchefcyrilchoisnepng\u00a0\u00bb hover_enabled=\u00a0\u00bb0&Prime; sticky_enabled=\u00a0\u00bb0&Prime;][\/et_pb_image][\/et_pb_column][et_pb_column type=\u00a0\u00bb3_5&Prime; _builder_version=\u00a0\u00bb4.23.1&Prime; _module_preset=\u00a0\u00bbdefault\u00a0\u00bb global_colors_info=\u00a0\u00bb{}\u00a0\u00bb][et_pb_text _builder_version=\u00a0\u00bb4.24.0&Prime; _module_preset=\u00a0\u00bbdefault\u00a0\u00bb hover_enabled=\u00a0\u00bb0&Prime; sticky_enabled=\u00a0\u00bb0&Prime; min_height=\u00a0\u00bb786.2px\u00a0\u00bb inline_fonts=\u00a0\u00bbBernCC\u00a0\u00bb custom_padding=\u00a0\u00bb|40px|0px|40px||\u00a0\u00bb]<\/p>\n<h3 style=\"text-align: center;\"><span style=\"font-family: BernCC; font-weight: normal; color: #e09900; font-size: x-large;\"><strong>Chef Cyril Choisne<\/strong><\/span><\/h3>\n<h3 style=\"text-align: center;\"><span style=\"font-family: BernCC; font-weight: normal; font-size: x-large;\"><strong><span style=\"color: #ffffff;\">\u00a0<\/span><\/strong><\/span><\/h3>\n<h3 style=\"text-align: center;\"><span style=\"font-family: BernCC;\"><span style=\"font-weight: normal; font-size: x-large;\"><strong><span style=\"color: #ffffff;\">De son parcours professionnel, <br \/><\/span><\/strong><\/span><span style=\"font-size: x-large;\"><span style=\"font-weight: normal;\"><strong><span style=\"color: #ffffff;\">passant par les plus grandes maisons <br \/><\/span><\/strong><\/span><strong><span style=\"color: #ffffff;\">et les plus grands chefs,<br \/><\/span><\/strong><\/span><span style=\"font-size: x-large;\"><span style=\"font-weight: normal;\"><strong><span style=\"color: #ffffff;\">Christian Le Squer, Alain Ducasse, <br \/><\/span><\/strong><\/span><strong><span style=\"color: #ffffff;\">Guy Martin, Jean-Francois Pi\u00e8ge&#8230;<\/span><\/strong><\/span><\/span><\/h3>\n<p>&nbsp;<\/p>\n<p style=\"text-align: center;\">\n<p style=\"text-align: center;\"><span style=\"font-family: BernCC;\"><span style=\"font-size: x-large;\"><span style=\"font-weight: normal;\"><strong><span style=\"color: #ffffff;\">Cyril Choisne a tir\u00e9 de ses mentors <\/span><\/strong><\/span><strong><span style=\"color: #ffffff;\">le meilleur de tous,<br \/><\/span><\/strong><\/span><strong style=\"font-size: x-large;\"><span style=\"color: #ffffff;\">pour nous proposer sa version de la cuisine : <br \/><\/span><\/strong><span style=\"font-size: x-large; font-weight: normal;\"><strong><span style=\"color: #ffffff;\">\u00e0 la fois authentique <\/span><\/strong><\/span><strong style=\"font-size: x-large;\"><span style=\"color: #ffffff;\">avec une pointe de modernit\u00e9.<\/span><\/strong><\/span><\/p>\n<h3 style=\"text-align: center;\"><span style=\"font-family: BernCC;\"><span style=\"font-size: x-large;\"><strong><span style=\"color: #ffffff;\"><br \/><\/span><\/strong><\/span><span style=\"font-size: x-large; font-weight: normal;\"><strong><span style=\"color: #ffffff;\">Pour Cyril Choisne, <\/span><span style=\"color: #ffffff;\">seul le produit est star <\/span><\/strong><\/span><strong style=\"font-size: x-large;\"><span style=\"color: #ffffff;\">et la saisonnalit\u00e9 une religion.<br \/><\/span><\/strong><span style=\"font-size: x-large; font-weight: normal;\"><strong><span style=\"color: #ffffff;\">Sa volont\u00e9 est de sublimer le produit <\/span><\/strong><\/span><strong style=\"font-size: x-large;\"><span style=\"color: #ffffff;\">avec pour leitmotiv <\/span><\/strong><span style=\"font-weight: normal; font-size: x-large;\"><strong><span style=\"color: #ffffff;\">de proposer une cuisine d\u00e9complexifi\u00e9e.<\/span><\/strong><\/span><\/span><\/h3>\n<p style=\"text-align: center;\">\n<p style=\"text-align: center;\"><span style=\"font-family: BernCC;\"><strong><\/strong><span style=\"font-weight: normal; font-size: x-large;\"><strong><span style=\"color: #ffffff;\">Ici le mot gastronomie prend tout son sens.<\/span><\/strong><\/span><\/span><\/p>\n<p><strong> <\/strong><\/p>\n<p><strong><\/strong><strong style=\"color: #af712f; font-size: x-large; font-family: BernCC;\"><span style=\"color: #ffffff;\">On cuisine on ne fait pas semblant.<\/span><\/strong><\/p>\n<h3 style=\"text-align: center;\"><span style=\"font-family: BernCC;\"><span style=\"font-size: x-large;\"><span style=\"font-weight: normal;\"><strong><span style=\"color: #ffffff;\">Dans son \u00e9tablissement <br \/>il pr\u00f4ne le <\/span><\/strong><\/span><strong><span style=\"color: #ffffff;\">\u00ab tout fait dans ma cuisine \u00bb.<\/span><\/strong><\/span><\/span><\/h3>\n<p>[\/et_pb_text][\/et_pb_column][\/et_pb_row][\/et_pb_section]<\/p>\n","protected":false},"excerpt":{"rendered":"<p>Chef Cyril Choisne \u00a0 De son parcours professionnel, passant par les plus grandes maisons et les plus grands chefs,Christian Le Squer, Alain Ducasse, Guy Martin, Jean-Francois Pi\u00e8ge&#8230; &nbsp; Cyril Choisne a tir\u00e9 de ses mentors le meilleur de tous,pour nous proposer sa version de la cuisine : \u00e0 la fois authentique avec une pointe de [&hellip;]<\/p>\n","protected":false},"author":1,"featured_media":0,"parent":0,"menu_order":0,"comment_status":"closed","ping_status":"closed","template":"","meta":{"_et_pb_use_builder":"on","_et_pb_old_content":"[et_pb_section fb_built=\"1\" _builder_version=\"3.22.3\" custom_padding=\"0|0px|0|0px|false|false\" da_is_popup=\"off\" da_exit_intent=\"off\" da_has_close=\"on\" da_alt_close=\"off\" da_dark_close=\"off\" da_not_modal=\"on\" da_is_singular=\"off\" da_with_loader=\"off\" da_has_shadow=\"on\" da_disable_devices=\"off|off|off\"][et_pb_row column_structure=\"1_2,1_2\" use_custom_gutter=\"on\" gutter_width=\"1\" _builder_version=\"3.25\" background_color=\"#191d37\" width=\"100%\" max_width=\"100%\" module_alignment=\"left\" custom_padding=\"0|0px|0px|0px|false|false\" use_custom_width=\"on\" width_unit=\"off\" custom_width_percent=\"100%\"][et_pb_column type=\"1_2\" _builder_version=\"3.25\" custom_padding=\"|||\" custom_padding__hover=\"|||\"][et_pb_image src=\"http:\/\/eclipses.fr\/wp-content\/uploads\/2019\/09\/ECLIPSES_portr_00007.jpg\" force_fullwidth=\"on\" align_tablet=\"center\" align_phone=\"\" align_last_edited=\"on|desktop\" _builder_version=\"3.27.4\"][\/et_pb_image][\/et_pb_column][et_pb_column type=\"1_2\" _builder_version=\"3.25\" custom_padding=\"|||\" custom_padding__hover=\"|||\"][et_pb_text _builder_version=\"4.2\" text_font=\"Arsenal||||||||\" text_text_color=\"#ffffff\" text_letter_spacing=\"1px\" link_text_color=\"#ffffff\" header_font=\"BernCC|600|||||||\" header_text_color=\"#af712f\" header_font_size=\"35px\" header_6_text_color=\"#af712f\" max_width=\"70%\" module_alignment=\"center\" custom_padding=\"80px||||false|false\" custom_padding_tablet=\"||50px||false|false\" custom_padding_phone=\"\" custom_padding_last_edited=\"on|phone\"]\n<h1 style=\"text-align: center;\">Cyril Choisne<\/h1>\n<h6 style=\"text-align: center;\">____<\/h6>\n&nbsp;\n<p style=\"text-align: center;\"><span>De son parcours professionnel, passant par les plus grandes maisons, <a href=\"\/index.php\/le-chef\/\">Cyril Choisne<\/a> a tir\u00e9 de ses mentors le meilleur de tous, pour nous proposer sa version de la cuisine : \u00e0 la fois traditionnelle avec une pointe de modernit\u00e9. Pour <a href=\"\/index.php\/le-chef\/\">Cyril Choisne<\/a> seul le produit est star et la saisonnalit\u00e9 une religion. Sa volont\u00e9 est de sublimer, le produit avec pour leitmotive de proposer une cuisine d\u00e9complexifi\u00e9e. Ici le mot gastronomie prend tout son sens .On cuisine on ne fait pas semblant. Dans son \u00e9tablissement il pr\u00f4ne le \u00ab tout fait maison \u00bb.<\/span><\/p>\n[\/et_pb_text][\/et_pb_column][\/et_pb_row][\/et_pb_section]","_et_gb_content_width":"793","footnotes":""},"class_list":["post-662","page","type-page","status-publish","hentry"],"yoast_head":"<!-- This site is optimized with the Yoast SEO plugin v26.8 - https:\/\/yoast.com\/product\/yoast-seo-wordpress\/ -->\n<title>Le Chef - Eclipses Restaurant Gastronomique<\/title>\n<meta name=\"robots\" content=\"index, follow, max-snippet:-1, max-image-preview:large, max-video-preview:-1\" \/>\n<link rel=\"canonical\" href=\"https:\/\/eclipses.fr\/index.php\/le-chef\/\" \/>\n<meta property=\"og:locale\" content=\"fr_FR\" \/>\n<meta property=\"og:type\" content=\"article\" \/>\n<meta property=\"og:title\" content=\"Le Chef - Eclipses Restaurant Gastronomique\" \/>\n<meta property=\"og:description\" content=\"Chef Cyril Choisne \u00a0 De son parcours professionnel, passant par les plus grandes maisons et les plus grands chefs,Christian Le Squer, Alain Ducasse, Guy Martin, Jean-Francois Pi\u00e8ge... &nbsp; Cyril Choisne a tir\u00e9 de ses mentors le meilleur de tous,pour nous proposer sa version de la cuisine : \u00e0 la fois authentique avec une pointe de [&hellip;]\" \/>\n<meta property=\"og:url\" content=\"https:\/\/eclipses.fr\/index.php\/le-chef\/\" \/>\n<meta property=\"og:site_name\" content=\"Eclipses Restaurant Gastronomique\" \/>\n<meta property=\"article:modified_time\" content=\"2024-03-01T14:36:00+00:00\" \/>\n<meta name=\"twitter:card\" content=\"summary_large_image\" \/>\n<meta name=\"twitter:label1\" content=\"Dur\u00e9e de lecture estim\u00e9e\" \/>\n\t<meta name=\"twitter:data1\" content=\"2 minutes\" \/>\n<script type=\"application\/ld+json\" class=\"yoast-schema-graph\">{\"@context\":\"https:\/\/schema.org\",\"@graph\":[{\"@type\":\"WebPage\",\"@id\":\"https:\/\/eclipses.fr\/index.php\/le-chef\/\",\"url\":\"https:\/\/eclipses.fr\/index.php\/le-chef\/\",\"name\":\"Le Chef - Eclipses Restaurant Gastronomique\",\"isPartOf\":{\"@id\":\"https:\/\/eclipses.fr\/#website\"},\"datePublished\":\"2019-09-09T20:15:49+00:00\",\"dateModified\":\"2024-03-01T14:36:00+00:00\",\"breadcrumb\":{\"@id\":\"https:\/\/eclipses.fr\/index.php\/le-chef\/#breadcrumb\"},\"inLanguage\":\"fr-FR\",\"potentialAction\":[{\"@type\":\"ReadAction\",\"target\":[\"https:\/\/eclipses.fr\/index.php\/le-chef\/\"]}]},{\"@type\":\"BreadcrumbList\",\"@id\":\"https:\/\/eclipses.fr\/index.php\/le-chef\/#breadcrumb\",\"itemListElement\":[{\"@type\":\"ListItem\",\"position\":1,\"name\":\"Accueil\",\"item\":\"https:\/\/eclipses.fr\/\"},{\"@type\":\"ListItem\",\"position\":2,\"name\":\"Le Chef\"}]},{\"@type\":\"WebSite\",\"@id\":\"https:\/\/eclipses.fr\/#website\",\"url\":\"https:\/\/eclipses.fr\/\",\"name\":\"Eclipses Restaurant Gastronomique\",\"description\":\"Chef Cyril Choisne\",\"potentialAction\":[{\"@type\":\"SearchAction\",\"target\":{\"@type\":\"EntryPoint\",\"urlTemplate\":\"https:\/\/eclipses.fr\/?s={search_term_string}\"},\"query-input\":{\"@type\":\"PropertyValueSpecification\",\"valueRequired\":true,\"valueName\":\"search_term_string\"}}],\"inLanguage\":\"fr-FR\"}]}<\/script>\n<!-- \/ Yoast SEO plugin. -->","yoast_head_json":{"title":"Le Chef - Eclipses Restaurant Gastronomique","robots":{"index":"index","follow":"follow","max-snippet":"max-snippet:-1","max-image-preview":"max-image-preview:large","max-video-preview":"max-video-preview:-1"},"canonical":"https:\/\/eclipses.fr\/index.php\/le-chef\/","og_locale":"fr_FR","og_type":"article","og_title":"Le Chef - Eclipses Restaurant Gastronomique","og_description":"Chef Cyril Choisne \u00a0 De son parcours professionnel, passant par les plus grandes maisons et les plus grands chefs,Christian Le Squer, Alain Ducasse, Guy Martin, Jean-Francois Pi\u00e8ge... &nbsp; Cyril Choisne a tir\u00e9 de ses mentors le meilleur de tous,pour nous proposer sa version de la cuisine : \u00e0 la fois authentique avec une pointe de [&hellip;]","og_url":"https:\/\/eclipses.fr\/index.php\/le-chef\/","og_site_name":"Eclipses Restaurant Gastronomique","article_modified_time":"2024-03-01T14:36:00+00:00","twitter_card":"summary_large_image","twitter_misc":{"Dur\u00e9e de lecture estim\u00e9e":"2 minutes"},"schema":{"@context":"https:\/\/schema.org","@graph":[{"@type":"WebPage","@id":"https:\/\/eclipses.fr\/index.php\/le-chef\/","url":"https:\/\/eclipses.fr\/index.php\/le-chef\/","name":"Le Chef - Eclipses Restaurant Gastronomique","isPartOf":{"@id":"https:\/\/eclipses.fr\/#website"},"datePublished":"2019-09-09T20:15:49+00:00","dateModified":"2024-03-01T14:36:00+00:00","breadcrumb":{"@id":"https:\/\/eclipses.fr\/index.php\/le-chef\/#breadcrumb"},"inLanguage":"fr-FR","potentialAction":[{"@type":"ReadAction","target":["https:\/\/eclipses.fr\/index.php\/le-chef\/"]}]},{"@type":"BreadcrumbList","@id":"https:\/\/eclipses.fr\/index.php\/le-chef\/#breadcrumb","itemListElement":[{"@type":"ListItem","position":1,"name":"Accueil","item":"https:\/\/eclipses.fr\/"},{"@type":"ListItem","position":2,"name":"Le Chef"}]},{"@type":"WebSite","@id":"https:\/\/eclipses.fr\/#website","url":"https:\/\/eclipses.fr\/","name":"Eclipses Restaurant Gastronomique","description":"Chef Cyril Choisne","potentialAction":[{"@type":"SearchAction","target":{"@type":"EntryPoint","urlTemplate":"https:\/\/eclipses.fr\/?s={search_term_string}"},"query-input":{"@type":"PropertyValueSpecification","valueRequired":true,"valueName":"search_term_string"}}],"inLanguage":"fr-FR"}]}},"_links":{"self":[{"href":"https:\/\/eclipses.fr\/index.php\/wp-json\/wp\/v2\/pages\/662","targetHints":{"allow":["GET"]}}],"collection":[{"href":"https:\/\/eclipses.fr\/index.php\/wp-json\/wp\/v2\/pages"}],"about":[{"href":"https:\/\/eclipses.fr\/index.php\/wp-json\/wp\/v2\/types\/page"}],"author":[{"embeddable":true,"href":"https:\/\/eclipses.fr\/index.php\/wp-json\/wp\/v2\/users\/1"}],"replies":[{"embeddable":true,"href":"https:\/\/eclipses.fr\/index.php\/wp-json\/wp\/v2\/comments?post=662"}],"version-history":[{"count":51,"href":"https:\/\/eclipses.fr\/index.php\/wp-json\/wp\/v2\/pages\/662\/revisions"}],"predecessor-version":[{"id":2078,"href":"https:\/\/eclipses.fr\/index.php\/wp-json\/wp\/v2\/pages\/662\/revisions\/2078"}],"wp:attachment":[{"href":"https:\/\/eclipses.fr\/index.php\/wp-json\/wp\/v2\/media?parent=662"}],"curies":[{"name":"wp","href":"https:\/\/api.w.org\/{rel}","templated":true}]}}