{"id":666,"date":"2019-09-09T22:16:37","date_gmt":"2019-09-09T20:16:37","guid":{"rendered":"http:\/\/eclipses.fr\/?page_id=666"},"modified":"2024-01-26T20:47:19","modified_gmt":"2024-01-26T19:47:19","slug":"horaires-et-contact","status":"publish","type":"page","link":"https:\/\/eclipses.fr\/index.php\/horaires-et-contact\/","title":{"rendered":"Horaires et Contact"},"content":{"rendered":"<p>[et_pb_section fb_built=\u00a0\u00bb1&Prime; _builder_version=\u00a0\u00bb4.16&Prime; background_color=\u00a0\u00bb#010b2d\u00a0\u00bb custom_padding=\u00a0\u00bb0|0px|0|0px|false|false\u00a0\u00bb da_disable_devices=\u00a0\u00bboff|off|off\u00a0\u00bb global_colors_info=\u00a0\u00bb{}\u00a0\u00bb da_is_popup=\u00a0\u00bboff\u00a0\u00bb da_exit_intent=\u00a0\u00bboff\u00a0\u00bb da_has_close=\u00a0\u00bbon\u00a0\u00bb da_alt_close=\u00a0\u00bboff\u00a0\u00bb da_dark_close=\u00a0\u00bboff\u00a0\u00bb da_not_modal=\u00a0\u00bbon\u00a0\u00bb da_is_singular=\u00a0\u00bboff\u00a0\u00bb da_with_loader=\u00a0\u00bboff\u00a0\u00bb da_has_shadow=\u00a0\u00bbon\u00a0\u00bb][et_pb_row column_structure=\u00a0\u00bb1_2,1_2&Prime; use_custom_gutter=\u00a0\u00bbon\u00a0\u00bb gutter_width=\u00a0\u00bb1&Prime; _builder_version=\u00a0\u00bb4.16&Prime; background_color=\u00a0\u00bb#191d37&Prime; width=\u00a0\u00bb100%\u00a0\u00bb max_width=\u00a0\u00bb100%\u00a0\u00bb min_height=\u00a0\u00bb399px\u00a0\u00bb custom_padding=\u00a0\u00bb0px|0px|0px|0px|true|false\u00a0\u00bb use_custom_width=\u00a0\u00bbon\u00a0\u00bb width_unit=\u00a0\u00bboff\u00a0\u00bb custom_width_percent=\u00a0\u00bb100%\u00a0\u00bb global_colors_info=\u00a0\u00bb{}\u00a0\u00bb][et_pb_column type=\u00a0\u00bb1_2&Prime; _builder_version=\u00a0\u00bb4.16&Prime; custom_padding=\u00a0\u00bb|||\u00a0\u00bb global_colors_info=\u00a0\u00bb{}\u00a0\u00bb custom_padding__hover=\u00a0\u00bb|||\u00a0\u00bb][et_pb_text _builder_version=\u00a0\u00bb4.16&Prime; text_letter_spacing=\u00a0\u00bb1px\u00a0\u00bb header_font=\u00a0\u00bbBernCC|600|||||||\u00a0\u00bb header_font_size=\u00a0\u00bb35px\u00a0\u00bb custom_margin=\u00a0\u00bb|30px||30px|false|false\u00a0\u00bb custom_padding=\u00a0\u00bb40px||0px||false|false\u00a0\u00bb inline_fonts=\u00a0\u00bbActor,BernCC\u00a0\u00bb global_colors_info=\u00a0\u00bb{}\u00a0\u00bb]<\/p>\n<h1 style=\"text-align: center;\"><span style=\"color: #af712f;\"><strong><span style=\"font-family: BernCC; font-size: xx-large;\">Horaires &amp; Contacts<\/span><\/strong><\/span><\/h1>\n<p><strong><span style=\"font-family: BernCC; font-size: xx-large;\">\u00a0<\/span><\/strong><\/p>\n<p style=\"text-align: center;\"><span style=\"text-decoration: underline;\"><strong><span style=\"font-size: xx-large; font-family: BernCC;\">Restaurant<\/span><\/strong><\/span><\/p>\n<p style=\"text-align: center;\"><span style=\"text-decoration: underline;\"><strong><span style=\"font-size: xx-large; font-family: BernCC;\"><\/span><\/strong><\/span><\/p>\n<p style=\"text-align: center;\"><strong><span style=\"font-size: xx-large; font-family: BernCC;\"><\/span><\/strong><\/p>\n<p style=\"text-align: center;\"><strong><span style=\"font-family: BernCC; font-size: xx-large;\">Lundi au vendredi<\/span><\/strong><\/p>\n<p style=\"text-align: center;\"><strong><span style=\"font-family: BernCC; font-size: xx-large;\"><\/span><\/strong><\/p>\n<p style=\"text-align: center;\"><span style=\"font-family: BernCC; font-size: x-large;\"><em><\/em><\/span><\/p>\n<p style=\"text-align: center;\"><strong><span style=\"font-family: BernCC; font-size: xx-large;\"> 12h00-14h00\u00a0 \/\u00a0 19h15-21h30<\/span><\/strong><\/p>\n<p style=\"text-align: center;\"><em style=\"font-size: x-large; background-color: #191d37; font-family: BernCC;\">(Horaires d&rsquo;arriv\u00e9es)<\/em><\/p>\n<p style=\"text-align: center;\"><strong><span style=\"font-family: BernCC; font-size: xx-large;\"><\/span><\/strong><\/p>\n<p style=\"text-align: center;\"><strong><span style=\"font-family: BernCC; font-size: xx-large;\"><\/span><\/strong><\/p>\n<p style=\"text-align: center;\"><strong><span style=\"font-family: BernCC; font-size: x-large;\">\u00ab\u00a0Privatisable les samedis &amp; dimanches\u00a0\u00bb<\/span><\/strong><\/p>\n<p style=\"text-align: center;\"><strong><span style=\"font-family: BernCC; font-size: xx-large;\"><\/span><\/strong><\/p>\n<p style=\"text-align: center;\"><strong><\/strong><\/p>\n<p style=\"text-align: center;\"><strong><\/strong><\/p>\n<p style=\"text-align: center;\"><strong><span style=\"font-family: BernCC; font-size: xx-large;\"><\/span><\/strong><\/p>\n<p style=\"text-align: center;\"><span style=\"text-decoration: underline;\"><strong><span style=\"font-size: xx-large; font-family: BernCC;\">Atelier<\/span><\/strong><\/span><\/p>\n<p style=\"text-align: center;\"><strong><span style=\"font-size: xx-large; font-family: BernCC;\"><\/span><\/strong><\/p>\n<p style=\"text-align: center;\"><strong><span style=\"font-size: xx-large; font-family: BernCC;\"><\/span><\/strong><\/p>\n<p style=\"text-align: center;\"><em style=\"font-size: 24px; background-color: #191d37; font-family: BernCC;\">Horaires d&rsquo;ouvertures<\/em><\/p>\n<p style=\"text-align: center;\"><em style=\"font-size: 24px; background-color: #191d37; font-family: BernCC;\"><\/em><\/p>\n<p style=\"text-align: center;\"><strong><span style=\"background-color: #191d37; font-family: BernCC; font-size: xx-large;\">Lundi au vendredi<\/span><\/strong><\/p>\n<p style=\"text-align: center;\"><strong><span style=\"background-color: #191d37; font-family: BernCC; font-size: xx-large;\"><\/span><\/strong><\/p>\n<p style=\"text-align: center;\"><strong><span style=\"font-family: BernCC; font-size: xx-large;\">de 10h00 \u00e0 19h00<\/span><\/strong><\/p>\n<p style=\"text-align: center;\"><strong><span style=\"font-family: BernCC; font-size: xx-large;\"><\/span><\/strong><\/p>\n<p style=\"text-align: center;\"><strong><span style=\"font-family: BernCC; font-size: xx-large;\"><\/span><\/strong><\/p>\n<p style=\"text-align: center;\"><strong><span style=\"font-family: BernCC; font-size: xx-large;\"><span style=\"background-color: #191d37; font-family: BernCC; font-size: xx-large;\">Samedi<\/span><\/span><\/strong><\/p>\n<p style=\"text-align: center;\"><strong><span style=\"font-family: BernCC; font-size: xx-large;\">de 12h00 \u00e0 18h00<\/span><\/strong><\/p>\n<p style=\"text-align: center;\"><strong><span style=\"font-family: BernCC; font-size: xx-large;\"><\/span><\/strong><\/p>\n<p style=\"text-align: center;\"><strong><span style=\"font-family: BernCC; font-size: xx-large;\"><\/span><\/strong><\/p>\n<p style=\"text-align: center;\"><strong><span style=\"font-family: BernCC; font-size: xx-large;\"><\/span><\/strong><\/p>\n<p style=\"text-align: center;\"><span style=\"font-family: BernCC; font-weight: normal; font-size: xx-large;\"><\/span><\/p>\n<p style=\"text-align: center;\"><span style=\"font-family: BernCC; font-weight: normal; font-size: xx-large;\"><\/span><\/p>\n<p style=\"text-align: center;\"><span style=\"font-family: BernCC; font-weight: normal; font-size: xx-large;\">E-mail :\u00a0<span style=\"font-size: x-large;\"><a href=\"mailto:reservation@eclipses.fr\">reservation@eclipses.fr<\/a><\/span><\/span><\/p>\n<p style=\"text-align: center;\"><span style=\"font-family: BernCC; font-weight: normal; font-size: xx-large;\"> T\u00e9l\u00e9phone :\u00a0<strong>01.40.13.96.42<\/strong><\/span><\/p>\n<p style=\"text-align: center;\"><span style=\"font-family: Actor; font-weight: normal; font-size: large;\"><\/span><\/p>\n<p style=\"text-align: center;\"><span style=\"font-family: Actor; font-weight: normal; font-size: large;\"><\/span><\/p>\n<p style=\"text-align: center;\"><span style=\"font-family: Actor; font-weight: normal; font-size: large;\"><\/span><\/p>\n<p style=\"text-align: center;\"><span style=\"font-family: Actor; font-weight: normal; font-size: large;\"><\/span><\/p>\n<p style=\"text-align: center;\">\n<p style=\"text-align: center;\">\n<p>[\/et_pb_text][\/et_pb_column][et_pb_column type=\u00a0\u00bb1_2&Prime; _builder_version=\u00a0\u00bb4.16&Prime; global_colors_info=\u00a0\u00bb{}\u00a0\u00bb][et_pb_text _builder_version=\u00a0\u00bb4.16&Prime; text_letter_spacing=\u00a0\u00bb1px\u00a0\u00bb header_font=\u00a0\u00bb||||||||\u00a0\u00bb header_3_font=\u00a0\u00bbBernCC|600|||||||\u00a0\u00bb header_3_font_size=\u00a0\u00bb35px\u00a0\u00bb min_height=\u00a0\u00bb246.5px\u00a0\u00bb custom_padding=\u00a0\u00bb50px||13px|||\u00a0\u00bb inline_fonts=\u00a0\u00bbActor,Adamina\u00a0\u00bb global_colors_info=\u00a0\u00bb{}\u00a0\u00bb]<\/p>\n<h3 style=\"text-align: center;\"><span color=\"#b68857\" face=\"Actor\" style=\"color: #af712f; font-family: Actor;\">\u00a0 <span style=\"font-weight: normal;\"><strong>Localisation<\/strong><\/span><\/span><\/h3>\n<p><span color=\"#b68857\" face=\"Actor\" style=\"color: #b68857; font-family: Actor;\"><span style=\"font-weight: normal;\"><strong><\/strong><\/span><\/span><\/p>\n<p style=\"text-align: center;\"><span color=\"#b68857\" face=\"Actor\" style=\"color: #b68857; font-family: Actor;\"><\/span><\/p>\n<p style=\"text-align: center;\">\u00a0 \u00a0 \u00a0<span style=\"font-family: Actor; font-weight: normal; font-size: large;\">27\/29 rue de Beaune\u00a0<\/span><\/p>\n<p style=\"text-align: center;\"><span style=\"font-family: Actor; font-weight: normal; font-size: large;\"><span color=\"#b68857\" face=\"Actor\" style=\"color: #b68857;\"><\/span><\/span><span style=\"font-family: Actor; font-weight: normal; font-size: large;\">75007 PARIS<\/span><\/p>\n<p style=\"text-align: center;\"><span color=\"#b68857\" face=\"Actor\" style=\"color: #b68857; font-family: Actor;\"><\/span><\/p>\n<p style=\"text-align: center;\"><span color=\"#b68857\" face=\"Actor\" style=\"color: #b68857; font-family: Actor;\"><\/span><\/p>\n<h3 style=\"text-align: center;\"><span style=\"color: #b68857; font-family: Actor;\"><\/span><\/h3>\n<h3 style=\"text-align: center;\"><span style=\"color: #af712f; font-family: Actor;\">Acc\u00e8s<\/span><\/h3>\n<p><span style=\"color: #b68857; font-family: Actor;\"><\/span><\/p>\n<p style=\"text-align: center;\">\u00a0Metro:<span style=\"color: #b68857; font-family: Actor;\"><\/span><\/p>\n<p style=\"text-align: center;\"><span style=\"font-family: Actor;\">Rue du bac\u00a0 (Ligne 12)<\/span><br \/><span style=\"font-family: Actor;\">\u00a0 \u00a0 \u00a0 \u00a0 \u00a0 \u00a0 \u00a0 \u00a0 \u00a0 \u00a0 \u00a0 \u00a0 \u00a0 \u00a0 \u00a0 \u00a0 \u00a0 \u00a0 \u00a0 \u00a0 \u00a0 \u00a0 \u00a0 \u00a0 \u00a0 \u00a0 \u00a0 \u00a0 \u00a0 \u00a0 \u00a0 \u00a0 \u00a0 \u00a0 \u00a0 \u00a0 \u00a0 Mus\u00e9e d&rsquo;Orsay\u00a0 (RER C)\u00a0 \u00a0 \u00a0 \u00a0 \u00a0 \u00a0 \u00a0 \u00a0 \u00a0 \u00a0 \u00a0 \u00a0 \u00a0 \u00a0 \u00a0 \u00a0 \u00a0 \u00a0 \u00a0 \u00a0 \u00a0 \u00a0 \u00a0 \u00a0 \u00a0 \u00a0 \u00a0 \u00a0 \u00a0 \u00a0 \u00a0 \u00a0 \u00a0 \u00a0 \u00a0 \u00a0 <\/span><\/p>\n<p style=\"text-align: center;\"><span style=\"font-family: Actor;\">Palais Royal\u00a0 (Ligne 7)<\/span><\/p>\n<h3 style=\"text-align: center;\"><span style=\"color: #b68857;\"><\/span><\/h3>\n<p style=\"text-align: center;\"><span style=\"color: #af712f; font-family: Actor; font-size: 35px; font-weight: 600; text-align: center;\">Parking<\/span><\/p>\n<p style=\"text-align: center;\"><span style=\"color: #b68857; font-family: Actor; font-size: 35px; font-weight: 600; text-align: center;\"><\/span><\/p>\n<p style=\"text-align: center;\"><span style=\"font-family: Actor;\">(100 m \u00e0 pied du restaurant)<\/span><\/p>\n<p style=\"text-align: center;\"><span style=\"font-family: Actor; font-weight: normal;\">Parking Indigo:<\/span><\/p>\n<p style=\"text-align: center;\"><span style=\"font-family: Actor; font-weight: normal;\"> <\/span><span style=\"font-family: Actor; font-size: 15px; text-align: center;\">9 rue de Montalembert, 75007 Paris<\/span><\/p>\n<p style=\"text-align: center;\"><span style=\"font-family: Actor;\"><\/span><\/p>\n<p>[\/et_pb_text][et_pb_text _builder_version=\u00a0\u00bb4.16&Prime; text_letter_spacing=\u00a0\u00bb1px\u00a0\u00bb header_3_font=\u00a0\u00bbBernCC|600|||||||\u00a0\u00bb header_3_font_size=\u00a0\u00bb35px\u00a0\u00bb min_height=\u00a0\u00bb343px\u00a0\u00bb custom_padding=\u00a0\u00bb16px||0px|||\u00a0\u00bb inline_fonts=\u00a0\u00bbActor\u00a0\u00bb global_colors_info=\u00a0\u00bb{}\u00a0\u00bb]<\/p>\n<p style=\"text-align: center;\"><span style=\"font-family: Actor; font-weight: normal; font-size: large; color: #e09900;\"><\/span><\/p>\n<p style=\"text-align: center;\"><span style=\"color: #e09900;\"><strong><span style=\"font-family: BernCC; font-size: x-large;\"><em><span style=\"color: #af712f;\">Pour permettre le nettoyage et la mise en place de la salle par notre \u00e9quipe,<\/span><\/em><\/span><\/strong><\/span><\/p>\n<p style=\"text-align: center;\"><span style=\"color: #af712f;\"><strong><span style=\"font-family: BernCC; font-size: x-large;\"><em>la fermeture de la salle est fix\u00e9e \u00e0<\/em><\/span><\/strong><\/span><\/p>\n<p style=\"text-align: center;\"><span style=\"color: #af712f;\"><strong><span style=\"font-family: BernCC; font-size: x-large;\"><em>\u00e0 15h00 pour le d\u00e9jeuner et 00h00 pour le d\u00eener.<\/em><\/span><\/strong><\/span><\/p>\n<p style=\"text-align: center;\"><span style=\"color: #af712f;\"><strong><span style=\"font-family: BernCC; font-size: x-large;\"><em>Merci de votre compr\u00e9hension.<\/em><\/span><\/strong><\/span><\/p>\n<p>[\/et_pb_text][\/et_pb_column][\/et_pb_row][et_pb_row use_custom_gutter=\u00a0\u00bbon\u00a0\u00bb gutter_width=\u00a0\u00bb1&Prime; _builder_version=\u00a0\u00bb4.16&Prime; background_color=\u00a0\u00bb#191d37&Prime; width=\u00a0\u00bb100%\u00a0\u00bb max_width=\u00a0\u00bb100%\u00a0\u00bb min_height=\u00a0\u00bb186px\u00a0\u00bb custom_padding=\u00a0\u00bb0|0px|0|0px|false|false\u00a0\u00bb use_custom_width=\u00a0\u00bbon\u00a0\u00bb width_unit=\u00a0\u00bboff\u00a0\u00bb custom_width_percent=\u00a0\u00bb100%\u00a0\u00bb global_colors_info=\u00a0\u00bb{}\u00a0\u00bb][et_pb_column type=\u00a0\u00bb4_4&Prime; _builder_version=\u00a0\u00bb4.16&Prime; custom_padding=\u00a0\u00bb|||\u00a0\u00bb global_colors_info=\u00a0\u00bb{}\u00a0\u00bb custom_padding__hover=\u00a0\u00bb|||\u00a0\u00bb][et_pb_code _builder_version=\u00a0\u00bb4.18.1&Prime; _module_preset=\u00a0\u00bbdefault\u00a0\u00bb global_colors_info=\u00a0\u00bb{}\u00a0\u00bb]<iframe src=\"https:\/\/www.google.com\/maps\/embed?pb=!1m18!1m12!1m3!1d1560.843379864146!2d2.3283031953494913!3d48.8579204315127!2m3!1f0!2f0!3f0!3m2!1i1024!2i768!4f13.1!3m3!1m2!1s0x47e66e29bf9dcc3f%3A0x76a3d1d6fee2e253!2sEclipses!5e0!3m2!1sfr!2sfr!4v1667384920941!5m2!1sfr!2sfr\" width=\"100%\" height=\"400\" style=\"border:0;\" allowfullscreen=\"\" loading=\"lazy\" referrerpolicy=\"no-referrer-when-downgrade\"><\/iframe>[\/et_pb_code][\/et_pb_column][\/et_pb_row][\/et_pb_section]<\/p>\n","protected":false},"excerpt":{"rendered":"<p>Horaires &amp; Contacts \u00a0 Restaurant Lundi au vendredi 12h00-14h00\u00a0 \/\u00a0 19h15-21h30 (Horaires d&rsquo;arriv\u00e9es) \u00ab\u00a0Privatisable les samedis &amp; dimanches\u00a0\u00bb Atelier Horaires d&rsquo;ouvertures Lundi au vendredi de 10h00 \u00e0 19h00 Samedi de 12h00 \u00e0 18h00 E-mail :\u00a0reservation@eclipses.fr T\u00e9l\u00e9phone :\u00a001.40.13.96.42 \u00a0 Localisation \u00a0 \u00a0 \u00a027\/29 rue de Beaune\u00a0 75007 PARIS Acc\u00e8s \u00a0Metro: Rue du bac\u00a0 (Ligne 12)\u00a0 \u00a0 [&hellip;]<\/p>\n","protected":false},"author":1,"featured_media":0,"parent":0,"menu_order":0,"comment_status":"closed","ping_status":"closed","template":"","meta":{"_et_pb_use_builder":"on","_et_pb_old_content":"<!-- wp:divi\/placeholder \/-->","_et_gb_content_width":"","footnotes":""},"class_list":["post-666","page","type-page","status-publish","hentry"],"yoast_head":"<!-- This site is optimized with the Yoast SEO plugin v26.8 - https:\/\/yoast.com\/product\/yoast-seo-wordpress\/ -->\n<title>Horaires et Contact - Eclipses Restaurant Gastronomique<\/title>\n<meta name=\"robots\" content=\"index, follow, max-snippet:-1, max-image-preview:large, max-video-preview:-1\" \/>\n<link rel=\"canonical\" href=\"https:\/\/eclipses.fr\/index.php\/horaires-et-contact\/\" \/>\n<meta property=\"og:locale\" content=\"fr_FR\" \/>\n<meta property=\"og:type\" content=\"article\" \/>\n<meta property=\"og:title\" content=\"Horaires et Contact - Eclipses Restaurant Gastronomique\" \/>\n<meta property=\"og:description\" content=\"Horaires &amp; Contacts \u00a0 Restaurant Lundi au vendredi 12h00-14h00\u00a0 \/\u00a0 19h15-21h30 (Horaires d&#039;arriv\u00e9es) &quot;Privatisable les samedis &amp; dimanches&quot; Atelier Horaires d&#039;ouvertures Lundi au vendredi de 10h00 \u00e0 19h00 Samedi de 12h00 \u00e0 18h00 E-mail :\u00a0reservation@eclipses.fr T\u00e9l\u00e9phone :\u00a001.40.13.96.42 \u00a0 Localisation \u00a0 \u00a0 \u00a027\/29 rue de Beaune\u00a0 75007 PARIS Acc\u00e8s \u00a0Metro: Rue du bac\u00a0 (Ligne 12)\u00a0 \u00a0 [&hellip;]\" \/>\n<meta property=\"og:url\" content=\"https:\/\/eclipses.fr\/index.php\/horaires-et-contact\/\" \/>\n<meta property=\"og:site_name\" content=\"Eclipses Restaurant Gastronomique\" \/>\n<meta property=\"article:modified_time\" content=\"2024-01-26T19:47:19+00:00\" \/>\n<meta name=\"twitter:card\" content=\"summary_large_image\" \/>\n<meta name=\"twitter:label1\" content=\"Dur\u00e9e de lecture estim\u00e9e\" \/>\n\t<meta name=\"twitter:data1\" content=\"2 minutes\" \/>\n<script type=\"application\/ld+json\" class=\"yoast-schema-graph\">{\"@context\":\"https:\/\/schema.org\",\"@graph\":[{\"@type\":\"WebPage\",\"@id\":\"https:\/\/eclipses.fr\/index.php\/horaires-et-contact\/\",\"url\":\"https:\/\/eclipses.fr\/index.php\/horaires-et-contact\/\",\"name\":\"Horaires et Contact - Eclipses Restaurant Gastronomique\",\"isPartOf\":{\"@id\":\"https:\/\/eclipses.fr\/#website\"},\"datePublished\":\"2019-09-09T20:16:37+00:00\",\"dateModified\":\"2024-01-26T19:47:19+00:00\",\"breadcrumb\":{\"@id\":\"https:\/\/eclipses.fr\/index.php\/horaires-et-contact\/#breadcrumb\"},\"inLanguage\":\"fr-FR\",\"potentialAction\":[{\"@type\":\"ReadAction\",\"target\":[\"https:\/\/eclipses.fr\/index.php\/horaires-et-contact\/\"]}]},{\"@type\":\"BreadcrumbList\",\"@id\":\"https:\/\/eclipses.fr\/index.php\/horaires-et-contact\/#breadcrumb\",\"itemListElement\":[{\"@type\":\"ListItem\",\"position\":1,\"name\":\"Accueil\",\"item\":\"https:\/\/eclipses.fr\/\"},{\"@type\":\"ListItem\",\"position\":2,\"name\":\"Horaires et Contact\"}]},{\"@type\":\"WebSite\",\"@id\":\"https:\/\/eclipses.fr\/#website\",\"url\":\"https:\/\/eclipses.fr\/\",\"name\":\"Eclipses Restaurant Gastronomique\",\"description\":\"Chef Cyril Choisne\",\"potentialAction\":[{\"@type\":\"SearchAction\",\"target\":{\"@type\":\"EntryPoint\",\"urlTemplate\":\"https:\/\/eclipses.fr\/?s={search_term_string}\"},\"query-input\":{\"@type\":\"PropertyValueSpecification\",\"valueRequired\":true,\"valueName\":\"search_term_string\"}}],\"inLanguage\":\"fr-FR\"}]}<\/script>\n<!-- \/ Yoast SEO plugin. -->","yoast_head_json":{"title":"Horaires et Contact - Eclipses Restaurant Gastronomique","robots":{"index":"index","follow":"follow","max-snippet":"max-snippet:-1","max-image-preview":"max-image-preview:large","max-video-preview":"max-video-preview:-1"},"canonical":"https:\/\/eclipses.fr\/index.php\/horaires-et-contact\/","og_locale":"fr_FR","og_type":"article","og_title":"Horaires et Contact - Eclipses Restaurant Gastronomique","og_description":"Horaires &amp; Contacts \u00a0 Restaurant Lundi au vendredi 12h00-14h00\u00a0 \/\u00a0 19h15-21h30 (Horaires d'arriv\u00e9es) \"Privatisable les samedis &amp; dimanches\" Atelier Horaires d'ouvertures Lundi au vendredi de 10h00 \u00e0 19h00 Samedi de 12h00 \u00e0 18h00 E-mail :\u00a0reservation@eclipses.fr T\u00e9l\u00e9phone :\u00a001.40.13.96.42 \u00a0 Localisation \u00a0 \u00a0 \u00a027\/29 rue de Beaune\u00a0 75007 PARIS Acc\u00e8s \u00a0Metro: Rue du bac\u00a0 (Ligne 12)\u00a0 \u00a0 [&hellip;]","og_url":"https:\/\/eclipses.fr\/index.php\/horaires-et-contact\/","og_site_name":"Eclipses Restaurant Gastronomique","article_modified_time":"2024-01-26T19:47:19+00:00","twitter_card":"summary_large_image","twitter_misc":{"Dur\u00e9e de lecture estim\u00e9e":"2 minutes"},"schema":{"@context":"https:\/\/schema.org","@graph":[{"@type":"WebPage","@id":"https:\/\/eclipses.fr\/index.php\/horaires-et-contact\/","url":"https:\/\/eclipses.fr\/index.php\/horaires-et-contact\/","name":"Horaires et Contact - Eclipses Restaurant Gastronomique","isPartOf":{"@id":"https:\/\/eclipses.fr\/#website"},"datePublished":"2019-09-09T20:16:37+00:00","dateModified":"2024-01-26T19:47:19+00:00","breadcrumb":{"@id":"https:\/\/eclipses.fr\/index.php\/horaires-et-contact\/#breadcrumb"},"inLanguage":"fr-FR","potentialAction":[{"@type":"ReadAction","target":["https:\/\/eclipses.fr\/index.php\/horaires-et-contact\/"]}]},{"@type":"BreadcrumbList","@id":"https:\/\/eclipses.fr\/index.php\/horaires-et-contact\/#breadcrumb","itemListElement":[{"@type":"ListItem","position":1,"name":"Accueil","item":"https:\/\/eclipses.fr\/"},{"@type":"ListItem","position":2,"name":"Horaires et Contact"}]},{"@type":"WebSite","@id":"https:\/\/eclipses.fr\/#website","url":"https:\/\/eclipses.fr\/","name":"Eclipses Restaurant Gastronomique","description":"Chef Cyril Choisne","potentialAction":[{"@type":"SearchAction","target":{"@type":"EntryPoint","urlTemplate":"https:\/\/eclipses.fr\/?s={search_term_string}"},"query-input":{"@type":"PropertyValueSpecification","valueRequired":true,"valueName":"search_term_string"}}],"inLanguage":"fr-FR"}]}},"_links":{"self":[{"href":"https:\/\/eclipses.fr\/index.php\/wp-json\/wp\/v2\/pages\/666","targetHints":{"allow":["GET"]}}],"collection":[{"href":"https:\/\/eclipses.fr\/index.php\/wp-json\/wp\/v2\/pages"}],"about":[{"href":"https:\/\/eclipses.fr\/index.php\/wp-json\/wp\/v2\/types\/page"}],"author":[{"embeddable":true,"href":"https:\/\/eclipses.fr\/index.php\/wp-json\/wp\/v2\/users\/1"}],"replies":[{"embeddable":true,"href":"https:\/\/eclipses.fr\/index.php\/wp-json\/wp\/v2\/comments?post=666"}],"version-history":[{"count":33,"href":"https:\/\/eclipses.fr\/index.php\/wp-json\/wp\/v2\/pages\/666\/revisions"}],"predecessor-version":[{"id":2010,"href":"https:\/\/eclipses.fr\/index.php\/wp-json\/wp\/v2\/pages\/666\/revisions\/2010"}],"wp:attachment":[{"href":"https:\/\/eclipses.fr\/index.php\/wp-json\/wp\/v2\/media?parent=666"}],"curies":[{"name":"wp","href":"https:\/\/api.w.org\/{rel}","templated":true}]}}